{"id":264,"date":"2016-11-03T13:40:27","date_gmt":"2016-11-03T12:40:27","guid":{"rendered":"http:\/\/www.horsesoftaiga.com\/sv\/?page_id=264"},"modified":"2020-08-08T11:40:02","modified_gmt":"2020-08-08T09:40:02","slug":"vinterhastgetaway","status":"publish","type":"page","link":"https:\/\/www.horsesoftaiga.com\/sv\/vinter\/vinterhastgetaway\/","title":{"rendered":"Vinter H\u00e4st Getaway"},"content":{"rendered":"<p>[vc_row][vc_column][vc_row_inner][vc_column_inner width=&#8221;1\/2&#8243;][vc_column_text el_class=&#8221;section-header&#8221;]<\/p>\n<div class=\"section-header col-xs-12 centered\">\n<h2 style=\"text-align: center;\">VINTER H\u00c4ST GETAWAY<\/h2>\n<p style=\"text-align: center;\">2 dagar &amp; 1 natt<\/p>\n<p style=\"text-align: center;\">\n<\/div>\n<p>[\/vc_column_text][vc_column_text]<strong>Under denna kort semester \/ helg erbjuder vi er:<\/strong><\/p>\n<ul>\n<li>Tv\u00e5 dagar p\u00e5 islandsh\u00e4st<\/li>\n<li>En natt i en mysig bagarstuga<\/li>\n<li>Hemlagat och n\u00e4rproducerad mat p\u00e5 alla m\u00e5ltider<\/li>\n<\/ul>\n<p>[\/vc_column_text][\/vc_column_inner][vc_column_inner width=&#8221;1\/2&#8243;][vc_images_carousel images=&#8221;3095,3229,3230,1488,3094,1432&#8243; img_size=&#8221;600&#215;400&#8243; speed=&#8221;3000&#8243; autoplay=&#8221;yes&#8221; hide_pagination_control=&#8221;yes&#8221; wrap=&#8221;yes&#8221;][\/vc_column_inner][\/vc_row_inner][vc_column_text el_class=&#8221;section-header&#8221;]<\/p>\n<div class=\"section-header col-xs-12 centered\">\n<h2 style=\"text-align: center;\">Program Dag f\u00f6r Dag<\/h2>\n<p style=\"text-align: center;\">\n<\/div>\n<p>[\/vc_column_text][vc_row_inner][vc_column_inner width=&#8221;1\/3&#8243;][vc_column_text]<\/p>\n<h4 style=\"text-align: center;\"><strong><span style=\"color: #048c8c;\">DAG 1<\/span><\/strong><\/h4>\n<p style=\"text-align: center;\">Vi tr\u00e4ffar p\u00e5 g\u00e5rden. Vi ger er utrustningen ni beh\u00f6ver (hj\u00e4lmar, overall, sadelv\u00e4skor\u2026), sen sadlar vi h\u00e4starna ihop. Efter en introduktion och en mini-kurs i paddocken kan vi rida i skogen hela dagen. I skogen, l\u00e4ngst Svansele Damm\u00e4ngarna, runt frysta sj\u00f6ar\u2026 v\u00e5ra varsamma h\u00e4star tar oss till olika fridfulla platser. Lunch i skogen p\u00e5 \u00f6ppen eld.<\/p>\n<p style=\"text-align: center;\">Efter turen stannar vi hos v\u00e5ra v\u00e4nner Rolf och Matilda, i Petiktr\u00e4sk, d\u00e4r kocken v\u00e4ntar p\u00e5 oss. Vi tillbringar natten i deras bagarstuga medan h\u00e4starna f\u00e5r en trevlig vila i ladan.<\/p>\n<p>[\/vc_column_text][\/vc_column_inner][vc_column_inner width=&#8221;1\/3&#8243;][vc_column_text css=&#8221;.vc_custom_1596878296770{margin-right: 10px !important;margin-left: 10px !important;}&#8221;]<\/p>\n<h4 style=\"text-align: center;\"><strong><span style=\"color: #048c8c;\">DAG 2<\/span><\/strong><\/h4>\n<p style=\"text-align: center;\">\u00c4nnu en fantastisk riddag I den norrl\u00e4ndsk skogen. Vi l\u00e4mnar stugan efter frukost och styr mot g\u00e5rden. P\u00e5 v\u00e4gen hoppas vi att f\u00e5r se renar och om vi har riktigt tur kanske till och med en \u00e4lg!<\/p>\n<p style=\"text-align: center;\">Tillbaka p\u00e5 g\u00e5rden tar vi hand om h\u00e4starna. Efter en sista fika tillsammans kan ni k\u00f6ra hem eller \u00e5ka vidare till mer \u00e4ventyr!<\/p>\n<p>[\/vc_column_text][\/vc_column_inner][vc_column_inner width=&#8221;1\/3&#8243;][vc_empty_space][vc_column_text]<\/p>\n<p style=\"text-align: center;\"><strong>Grupp : <\/strong>2 till 4 personer<\/p>\n<p style=\"text-align: center;\"><strong>Niv\u00e5 : <\/strong>Lite ridvana och bra fysisk kondition<\/p>\n<p style=\"text-align: center;\"><strong>\u00c5lder : <\/strong>Fr\u00e5n 12 \u00e5r<\/p>\n<p style=\"text-align: center;\"><strong>Datum:<\/strong> 1 december &#8211; 11 april<\/p>\n<p>[\/vc_column_text][\/vc_column_inner][\/vc_row_inner][\/vc_column][\/vc_row]<\/p>\n","protected":false},"excerpt":{"rendered":"<p>[vc_row][vc_column][vc_row_inner][vc_column_inner width=&#8221;1\/2&#8243;][vc_column_text el_class=&#8221;section-header&#8221;] VINTER H\u00c4ST GETAWAY 2 dagar &amp; 1 natt [\/vc_column_text][vc_column_text]Under denna kort semester \/ helg erbjuder vi er: Tv\u00e5 dagar p\u00e5 islandsh\u00e4st En natt i en mysig bagarstuga Hemlagat och n\u00e4rproducerad mat p\u00e5 alla m\u00e5ltider [\/vc_column_text][\/vc_column_inner][vc_column_inner width=&#8221;1\/2&#8243;][vc_images_carousel images=&#8221;3095,3229,3230,1488,3094,1432&#8243; &hellip; <a href=\"https:\/\/www.horsesoftaiga.com\/sv\/vinter\/vinterhastgetaway\/\">Read More<\/a><\/p>\n","protected":false},"author":2,"featured_media":0,"parent":260,"menu_order":0,"comment_status":"closed","ping_status":"closed","template":"","meta":{"om_disable_all_campaigns":false,"_mi_skip_tracking":false,"_monsterinsights_sitenote_active":false,"_monsterinsights_sitenote_note":"","_monsterinsights_sitenote_category":0,"_uf_show_specific_survey":0,"_uf_disable_surveys":false,"footnotes":""},"aioseo_notices":[],"_links":{"self":[{"href":"https:\/\/www.horsesoftaiga.com\/sv\/wp-json\/wp\/v2\/pages\/264"}],"collection":[{"href":"https:\/\/www.horsesoftaiga.com\/sv\/wp-json\/wp\/v2\/pages"}],"about":[{"href":"https:\/\/www.horsesoftaiga.com\/sv\/wp-json\/wp\/v2\/types\/page"}],"author":[{"embeddable":true,"href":"https:\/\/www.horsesoftaiga.com\/sv\/wp-json\/wp\/v2\/users\/2"}],"replies":[{"embeddable":true,"href":"https:\/\/www.horsesoftaiga.com\/sv\/wp-json\/wp\/v2\/comments?post=264"}],"version-history":[{"count":23,"href":"https:\/\/www.horsesoftaiga.com\/sv\/wp-json\/wp\/v2\/pages\/264\/revisions"}],"predecessor-version":[{"id":3231,"href":"https:\/\/www.horsesoftaiga.com\/sv\/wp-json\/wp\/v2\/pages\/264\/revisions\/3231"}],"up":[{"embeddable":true,"href":"https:\/\/www.horsesoftaiga.com\/sv\/wp-json\/wp\/v2\/pages\/260"}],"wp:attachment":[{"href":"https:\/\/www.horsesoftaiga.com\/sv\/wp-json\/wp\/v2\/media?parent=264"}],"curies":[{"name":"wp","href":"https:\/\/api.w.org\/{rel}","templated":true}]}}