{"id":173,"date":"2016-11-03T13:24:14","date_gmt":"2016-11-03T12:24:14","guid":{"rendered":"http:\/\/www.horsesoftaiga.com\/fr\/?page_id=173"},"modified":"2026-04-12T14:20:12","modified_gmt":"2026-04-12T12:20:12","slug":"neige-et-chevaux","status":"publish","type":"page","link":"https:\/\/www.horsesoftaiga.com\/fr\/neige-et-chevaux\/","title":{"rendered":"Neige et chevaux"},"content":{"rendered":"<p>[vc_row][vc_column][vc_row_inner][vc_column_inner width=\u00a0\u00bb1\/2&Prime;][vc_column_text el_class=\u00a0\u00bbsection-header\u00a0\u00bb]<\/p>\n<div class=\"section-header col-xs-12 centered\">\n<h2 style=\"text-align: center;\">NEIGE ET CHEVAUX<\/h2>\n<p style=\"text-align: center;\">6 jours &amp; 5 nuits<\/p>\n<p style=\"text-align: center;\">\n<\/div>\n<p>[\/vc_column_text][vc_column_text]<\/p>\n<div class=\"vc_row wpb_row vc_inner vc_row-fluid\">\n<div class=\"wpb_column vc_column_container vc_col-sm-12\">\n<div class=\"vc_column-inner \">\n<div class=\"wpb_wrapper\">\n<div class=\"wpb_text_column wpb_content_element \">\n<div class=\"wpb_wrapper\">\n<p>Un s\u00e9jour magique qui permet \u00e0 toute la famille de d\u00e9couvrir la Laponie entour\u00e9e par la nature et les animaux.<\/p>\n<p><strong>Au cours de ce s\u00e9jour hiver nous vous proposons :<\/strong><\/p>\n<ul>\n<li>Des activit\u00e9s vari\u00e9es qui vous permettront de d\u00e9couvrir la for\u00eat bor\u00e9ale : chiens de tra\u00eeneau, cani-raquettes, rencontre avec le peuple sami et leurs rennes<\/li>\n<li>3 randonn\u00e9es \u00e0 cheval, donc une journ\u00e9e enti\u00e8re avec d\u00e9jeuner en for\u00eat<\/li>\n<li>Des produits locaux et des repas traditionnels tous les jours<\/li>\n<\/ul>\n<\/div>\n<\/div>\n<\/div>\n<\/div>\n<\/div>\n<\/div>\n<p>[\/vc_column_text][\/vc_column_inner][vc_column_inner width=\u00a0\u00bb1\/2&Prime;][vc_images_carousel images=\u00a0\u00bb3037,4099,2304,4898,4100,1818,4076&Prime; img_size=\u00a0\u00bb600&#215;400&Prime; speed=\u00a0\u00bb3000&Prime; autoplay=\u00a0\u00bbyes\u00a0\u00bb hide_pagination_control=\u00a0\u00bbyes\u00a0\u00bb wrap=\u00a0\u00bbyes\u00a0\u00bb][\/vc_column_inner][\/vc_row_inner][vc_column_text el_class=\u00a0\u00bbsection-header\u00a0\u00bb]<\/p>\n<div class=\"section-header col-xs-12 centered\">\n<h2 style=\"text-align: center;\">Jour par Jour<\/h2>\n<p style=\"text-align: center;\">\n<\/div>\n<p>[\/vc_column_text][vc_row_inner][vc_column_inner width=\u00a0\u00bb1\/4&Prime;][vc_column_text]<\/p>\n<h4 style=\"text-align: center;\"><strong><span style=\"color: #048c8c;\">JOUR 1<\/span><\/strong><\/h4>\n<p style=\"text-align: center;\">Arriv\u00e9e \u00e0 l&rsquo;a\u00e9roport de Skellefte\u00e5 dans l&rsquo;apr\u00e8s-midi.<\/p>\n<p style=\"text-align: center;\">Nous venons vous chercher et vous conduisons \u00e0 votre h\u00e9bergement, le charmant camp de R\u00e4nnudden.<\/p>\n<p style=\"text-align: center;\">Vous vous installez dans votre chalet pour la semaine et profitez d&rsquo;une premi\u00e8re soir\u00e9e de d\u00e9tente.<\/p>\n<p style=\"text-align: center;\">Le d\u00eener est servi dans le petit restaurant sur le camp.<\/p>\n<p>[\/vc_column_text][\/vc_column_inner][vc_column_inner width=\u00a0\u00bb1\/2&Prime;][vc_column_text css=\u00a0\u00bb.vc_custom_1741081796883{margin-right: 10px !important;margin-left: 10px !important;}\u00a0\u00bb]<\/p>\n<h4 style=\"text-align: center;\"><strong><span style=\"color: #048c8c;\">JOUR\u00a0<\/span><\/strong><strong><span style=\"color: #048c8c;\">2<\/span><\/strong><\/h4>\n<p style=\"text-align: center;\">Petit d\u00e9jeuner au camp.<\/p>\n<p style=\"text-align: center;\">Nous venons vous chercher le matin pour une journ\u00e9e enti\u00e8re \u00e0 la ferme. Apr\u00e8s avoir r\u00e9cup\u00e9r\u00e9 tout l&rsquo;\u00e9quipement grand-froid n\u00e9cessaire, vous rencontrez nos chevaux islandais tout doux, les pr\u00e9parez pour la balade et en apprenez un peu plus sur leurs sp\u00e9cificit\u00e9s. Lorsque tout le monde est pr\u00eat, nous prenons directement la direction de la for\u00eat pour une balade de 2 heures. T\u00f6lter dans la neige est une sensation unique !<\/p>\n<p style=\"text-align: center;\">Apr\u00e8s la balade, vous profiterez d&rsquo;un bon d\u00e9jeuner autour du feu, pr\u00e9par\u00e9 \u00e0 partir des produits les plus locaux.<\/p>\n<p style=\"text-align: center;\">L&rsquo;apr\u00e8s-midi, vous avez l&rsquo;occasion de cr\u00e9er encore plus de liens avec votre nouvel ami \u00e9quin gr\u00e2ce \u00e0 un moment de jeu dans la carri\u00e8re. En \u00e9quipe, votre cheval en libert\u00e9 devra comprendre vos signaux pour franchir de petites \u00e9preuves.<\/p>\n<p style=\"text-align: center;\">Apr\u00e8s la balade et une boisson chaude, nous vous reconduisons au camp o\u00f9 vous profiterez d&rsquo;un bon d\u00eener.<\/p>\n<p>[\/vc_column_text][\/vc_column_inner][vc_column_inner width=\u00a0\u00bb1\/4&Prime;][vc_column_text]<\/p>\n<h4 style=\"text-align: center;\"><strong><span style=\"color: #048c8c;\">JOUR\u00a0<\/span><\/strong><strong><span style=\"color: #048c8c;\">3<\/span><\/strong><\/h4>\n<p style=\"text-align: center;\">Petit-d\u00e9jeuner au camp.<\/p>\n<p style=\"text-align: center;\">Aujourd&rsquo;hui, vous passez toute la journ\u00e9e avec les chevaux ! Nous nous rendons \u00e0 la ferme, r\u00e9cup\u00e9rons les chevaux, prenons notre d\u00e9jeuner dans les sacoches et pr\u00e9parons tout pour la balade. Nous traversons des paysages enneig\u00e9s, entre des lacs gel\u00e9s et, esp\u00e9rons-le, rep\u00e9rons quelques animaux. Rennes, \u00e9lans, renards\u2026 on ne sait jamais qui on peut croiser en chemin ! Nous nous arr\u00eatons au bord d&rsquo;un lac pour d\u00e9jeuner et faisons un feu pour nous r\u00e9chauffer. Puis nous reprenons la route avec nos compagnons \u00e0 poils.<\/p>\n<p style=\"text-align: center;\">D\u00eener et nuit au camp.<\/p>\n<p>[\/vc_column_text][\/vc_column_inner][\/vc_row_inner][vc_row_inner][vc_column_inner width=\u00a0\u00bb1\/3&Prime;][vc_column_text]<\/p>\n<h4 style=\"text-align: center;\"><strong><span style=\"color: #048c8c;\">JOUR\u00a0<\/span><\/strong><strong><span style=\"color: #048c8c;\">4<\/span><\/strong><\/h4>\n<p style=\"text-align: center;\">Petit-d\u00e9jeuner au camp.<\/p>\n<p style=\"text-align: center;\">Le matin, nous nous rendons au chenil, \u00e0 Dragn\u00e4s. Vous y rencontrerez Jenny, Basti et leurs chiens de tra\u00eeneau. Ils vous donneront d&rsquo;abord toutes les instructions pour l&rsquo;aventure. Ensuite, vous partirez pour une exp\u00e9rience passionnante : conduire votre propre attelage de chiens ! Vous partagez un tra\u00eeneau avec un autre participant, afin que tout le monde puisse essayer de conduire ainsi que de s&rsquo;asseoir dans le tra\u00eeneau.<\/p>\n<p style=\"text-align: center;\">Apr\u00e8s cette aventure palpitante, nous rejoignons notre ami B\u00f6rje, \u00e9leveur de rennes. Il nous servira un bon d\u00e9jeuner chaud autour du feu et nous racontera la vie et les coutumes ancestrales de son peuple, les Samis, autrefois nomades, voyageant au gr\u00e9 des mouvements du troupeau. L&rsquo;apr\u00e8s-midi, vous aurez l&rsquo;occasion d&rsquo;observer les rennes de tr\u00e8s pr\u00e8s !<\/p>\n<p style=\"text-align: center;\">D\u00eener et nuit au camp.<\/p>\n<p>[\/vc_column_text][\/vc_column_inner][vc_column_inner width=\u00a0\u00bb1\/3&Prime;][vc_column_text]<\/p>\n<h4 style=\"text-align: center;\"><strong><span style=\"color: #048c8c;\">JOUR\u00a0<\/span><\/strong><strong><span style=\"color: #048c8c;\">5<\/span><\/strong><\/h4>\n<p style=\"text-align: center;\">Apr\u00e8s le petit-d\u00e9jeuner, nous nous rendons \u00e0 nouveau chez Jenny et Basti pour votre prochaine aventure : une randonn\u00e9e en raquettes accompagn\u00e9e de chiens de tra\u00eeneau ! Cela peut \u00eatre un peu physique, mais le rythme sera toujours adapt\u00e9 aux participants et \u00e0 la m\u00e9t\u00e9o. Un bon d\u00e9jeuner fait maison aura lieu en for\u00eat ou \u00e0 la ferme, selon la temp\u00e9rature.<\/p>\n<p style=\"text-align: center;\">Plus tard dans l&rsquo;apr\u00e8s-midi, vous retournez \u00e0 notre ferme pour une balade au clair de lune. Rien de tel que de monter dans le noir, en laissant votre cheval vous guider tout au long de la nuit. Clair de lune, obscurit\u00e9 totale ou parfois m\u00eame aurores bor\u00e9ales\u2026 chaque condition m\u00e9t\u00e9o rend cette exp\u00e9rience absolument unique !<\/p>\n<p style=\"text-align: center;\">Apr\u00e8s la balade, vous vous r\u00e9chaufferez avec un agr\u00e9able sauna au feu de bois et un d\u00eener chaleureux autour du feu \u00e0 la ferme. Nous vous ram\u00e8nerons ensuite au camp pour la nuit.<\/p>\n<p>[\/vc_column_text][\/vc_column_inner][vc_column_inner width=\u00a0\u00bb1\/3&Prime;][vc_column_text]<\/p>\n<h4 style=\"text-align: center;\"><strong><span style=\"color: #048c8c;\">JOUR 6<\/span><\/strong><\/h4>\n<p style=\"text-align: center;\">D\u00e9j\u00e0 le dernier jour ! Apr\u00e8s le petit-d\u00e9jeuner, nous vous ram\u00e8nerons \u00e0 Skellefte\u00e5 o\u00f9 vous pourrez prendre votre transport vers chez vous ou vers votre prochaine aventure !<\/p>\n<p>[\/vc_column_text][vc_empty_space height=\u00a0\u00bb134px\u00a0\u00bb][vc_single_image image=\u00a0\u00bb4899&Prime; img_size=\u00a0\u00bb250&#215;200&Prime; alignment=\u00a0\u00bbcenter\u00a0\u00bb][\/vc_column_inner][\/vc_row_inner][vc_row_inner][vc_column_inner width=\u00a0\u00bb1\/3&Prime;][vc_text_separator title=\u00a0\u00bbINFOS VOYAGE\u00a0\u00bb color=\u00a0\u00bbpeacoc\u00a0\u00bb border_width=\u00a0\u00bb2&Prime;][vc_column_text]<\/p>\n<p style=\"text-align: center;\">Les transferts sont pr\u00e9vus pour une arriv\u00e9e \u00e0 15h25 \u00e0 Skellefte\u00e5 le jour 1 (d\u00e9part de Stockholm \u00e0 14h20) et un d\u00e9part \u00e0 10h00 de Skellefte\u00e5 le jour 6 (arriv\u00e9e \u00e0 Stockholm \u00e0 11h10). Vous pouvez r\u00e9server vos billets d\u2019avion <a href=\"https:\/\/www.flysas.com\/\">sur le site de SAS<\/a>.<\/p>\n<p style=\"text-align: center;\">Vous pouvez \u00e9galement prendre un train pour Bastutr\u00e4sk. Faites-nous savoir si vous choisissez cette option !<\/p>\n<p>[\/vc_column_text][\/vc_column_inner][vc_column_inner width=\u00a0\u00bb1\/3&Prime;][vc_text_separator title=\u00a0\u00bbPLUS D&rsquo;INFOS\u00a0\u00bb color=\u00a0\u00bbpeacoc\u00a0\u00bb border_width=\u00a0\u00bb2&Prime;][vc_column_text]<\/p>\n<p style=\"text-align: center;\"><strong>Groupe :<\/strong> De 2 \u00e0 5 personnes<\/p>\n<p style=\"text-align: center;\"><strong>Niveau : <\/strong>\u00c0 l\u2019aise aux 3 allures. Bonne condition physique indispensable.<\/p>\n<p style=\"text-align: center;\"><strong>\u00c2ge :<\/strong> \u00c0 partir de 12 ans<\/p>\n<p style=\"text-align: center;\"><strong>Poids maximum du cavalier :<\/strong> 85 kg<\/p>\n<p style=\"text-align: center;\"><strong>P\u00e9riode :<\/strong> De d\u00e9cembre \u00e0 mi-mars<\/p>\n<p style=\"text-align: center;\"><a href=\"https:\/\/www.horsesoftaiga.com\/fr\/informations-pratiques\/dates-et-disponibilites\/\"><em>Dates et disponibilit\u00e9s ici<\/em><\/a><\/p>\n<p>[\/vc_column_text][vc_empty_space][vc_btn title=\u00a0\u00bbContactez-nous\u00a0\u00bb style=\u00a0\u00bboutline\u00a0\u00bb color=\u00a0\u00bbpeacoc\u00a0\u00bb align=\u00a0\u00bbcenter\u00a0\u00bb link=\u00a0\u00bburl:https%3A%2F%2Fwww.horsesoftaiga.com%2Ffr%2Fcontact%2F|title:Contact\u00a0\u00bb][\/vc_column_inner][vc_column_inner width=\u00a0\u00bb1\/3&Prime;][vc_text_separator title=\u00a0\u00bbVOTRE H\u00c9BERGEMENT\u00a0\u00bb color=\u00a0\u00bbpeacoc\u00a0\u00bb border_width=\u00a0\u00bb2&Prime;][vc_column_text]<\/p>\n<p style=\"text-align: center;\">Pendant tout le s\u00e9jour, vous s\u00e9journerez au charmant camp de R\u00e4nnudden, au bord du lac Norsj\u00f6n, \u00e0 environ 25 minutes de notre ferme.<\/p>\n<p style=\"text-align: center;\">Vous partagerez une stuga, cabane typiquement su\u00e9doise, pour 2 personnes. Chaque stuga poss\u00e8de ses propres toilettes et une douche. Si vous \u00eates un groupe de 3 personnes, vous pouvez s\u00e9journer dans une seule cabane si vous le souhaitez, car celle-ci est compos\u00e9e d&rsquo;un lit simple et d&rsquo;un canap\u00e9-lit double.<\/p>\n<p style=\"text-align: center;\">Tous les repas not\u00e9s \u00ab au camp \u00bb seront servis dans le petit restaurant. Les d\u00eeners se composent de 2 plats et sont pr\u00e9par\u00e9s maison \u00e0 partir de produits locaux. Le restaurant dispose de son propre bar o\u00f9 vous pourrez prendre un verre en soir\u00e9e.<\/p>\n<p>[\/vc_column_text][\/vc_column_inner][\/vc_row_inner][\/vc_column][\/vc_row]<\/p>\n","protected":false},"excerpt":{"rendered":"<p>[vc_row][vc_column][vc_row_inner][vc_column_inner width=\u00a0\u00bb1\/2&Prime;][vc_column_text el_class=\u00a0\u00bbsection-header\u00a0\u00bb] NEIGE ET CHEVAUX 6 jours &amp; 5 nuits [\/vc_column_text][vc_column_text] Un s\u00e9jour magique qui permet \u00e0 toute la famille de d\u00e9couvrir la Laponie entour\u00e9e par la nature et les animaux. Au cours de ce s\u00e9jour hiver nous vous &hellip; <a href=\"https:\/\/www.horsesoftaiga.com\/fr\/neige-et-chevaux\/\">Read More<\/a><\/p>\n","protected":false},"author":2,"featured_media":0,"parent":0,"menu_order":0,"comment_status":"closed","ping_status":"closed","template":"","meta":{"om_disable_all_campaigns":false,"_mi_skip_tracking":false,"_monsterinsights_sitenote_active":false,"_monsterinsights_sitenote_note":"","_monsterinsights_sitenote_category":0,"_uf_show_specific_survey":0,"_uf_disable_surveys":false,"footnotes":""},"aioseo_notices":[],"_links":{"self":[{"href":"https:\/\/www.horsesoftaiga.com\/fr\/wp-json\/wp\/v2\/pages\/173"}],"collection":[{"href":"https:\/\/www.horsesoftaiga.com\/fr\/wp-json\/wp\/v2\/pages"}],"about":[{"href":"https:\/\/www.horsesoftaiga.com\/fr\/wp-json\/wp\/v2\/types\/page"}],"author":[{"embeddable":true,"href":"https:\/\/www.horsesoftaiga.com\/fr\/wp-json\/wp\/v2\/users\/2"}],"replies":[{"embeddable":true,"href":"https:\/\/www.horsesoftaiga.com\/fr\/wp-json\/wp\/v2\/comments?post=173"}],"version-history":[{"count":41,"href":"https:\/\/www.horsesoftaiga.com\/fr\/wp-json\/wp\/v2\/pages\/173\/revisions"}],"predecessor-version":[{"id":5118,"href":"https:\/\/www.horsesoftaiga.com\/fr\/wp-json\/wp\/v2\/pages\/173\/revisions\/5118"}],"wp:attachment":[{"href":"https:\/\/www.horsesoftaiga.com\/fr\/wp-json\/wp\/v2\/media?parent=173"}],"curies":[{"name":"wp","href":"https:\/\/api.w.org\/{rel}","templated":true}]}}