{"id":169,"date":"2016-11-03T13:23:43","date_gmt":"2016-11-03T12:23:43","guid":{"rendered":"http:\/\/www.horsesoftaiga.com\/fr\/?page_id=169"},"modified":"2023-11-07T09:30:49","modified_gmt":"2023-11-07T08:30:49","slug":"nouvel-an-givre","status":"publish","type":"page","link":"https:\/\/www.horsesoftaiga.com\/fr\/randonnees-hiver\/nouvel-an-givre\/","title":{"rendered":"Nouvel an givr\u00e9"},"content":{"rendered":"<p>[vc_row][vc_column][vc_row_inner][vc_column_inner width=\u00a0\u00bb1\/2&Prime;][vc_column_text el_class=\u00a0\u00bbsection-header\u00a0\u00bb]<\/p>\n<div class=\"section-header col-xs-12 centered\">\n<h2 style=\"text-align: center;\">Nouvel an givr\u00e9<\/h2>\n<p style=\"text-align: center;\">7 jours &amp; 6 nuits<\/p>\n<p style=\"text-align: center;\">\n<\/div>\n<p>[\/vc_column_text][vc_column_text]Et si vous passiez le r\u00e9veillon du premier de l\u2019an au c\u0153ur de la Laponie su\u00e9doise, en compagnie de doux chevaux islandais ?<br \/>\n<strong>Pour ce r\u00e9veillon unique nous vous proposons :<\/strong><\/p>\n<ul>\n<li>Un h\u00e9bergement confortable pour toute la dur\u00e9e du s\u00e9jour<\/li>\n<li>Des activit\u00e9s vari\u00e9es qui vous permettront de profiter \u00e0 la fois de la nature enneig\u00e9e et de vos proches<\/li>\n<li>Un vrai r\u00e9veillon su\u00e9dois : un bon repas et une atmosph\u00e8re chaleureuse<\/li>\n<\/ul>\n<p>[\/vc_column_text][\/vc_column_inner][vc_column_inner width=\u00a0\u00bb1\/2&Prime;][vc_images_carousel images=\u00a0\u00bb3094,1432,1428,2308,3095,1430&Prime; img_size=\u00a0\u00bb600&#215;400&Prime; speed=\u00a0\u00bb3000&Prime; autoplay=\u00a0\u00bbyes\u00a0\u00bb hide_pagination_control=\u00a0\u00bbyes\u00a0\u00bb wrap=\u00a0\u00bbyes\u00a0\u00bb][\/vc_column_inner][\/vc_row_inner][vc_column_text el_class=\u00a0\u00bbsection-header\u00a0\u00bb]<\/p>\n<div class=\"section-header col-xs-12 centered\">\n<h2 style=\"text-align: center;\">Jour par Jour<\/h2>\n<p style=\"text-align: center;\">\n<\/div>\n<p>[\/vc_column_text][vc_row_inner][vc_column_inner width=\u00a0\u00bb1\/4&Prime;][vc_column_text]<\/p>\n<h4 style=\"text-align: center;\"><strong><span style=\"color: #048c8c;\">JOUR 1<\/span><\/strong><\/h4>\n<p style=\"text-align: center;\">Arriv\u00e9e \u00e0 l\u2019a\u00e9roport de Skellefte\u00e5 ou \u00e0 la gare de J\u00f6rn. Nous venons vous y accueillir et vous conduisons \u00e0 votre h\u00e9bergement, \u00e0 Svansele. Pendant votre s\u00e9jour, vous dormirez dans la chambre attenant la \u201ebagarstuga\u201c, le four \u00e0 bois du village. Les sanitaires et la cuisine se trouvent dans la maison voisine, l&rsquo;ancienne \u00e9cole du village.<\/p>\n<p style=\"text-align: center;\">Nous faisons connaissance autour d\u2019un bon d\u00eener durant lequel nous vous pr\u00e9sentons les 7 prochains jours. Nuit \u00e0 Svansele.<\/p>\n<p>[\/vc_column_text][\/vc_column_inner][vc_column_inner width=\u00a0\u00bb1\/2&Prime;][vc_column_text css=\u00a0\u00bb.vc_custom_1579622412863{margin-right: 10px !important;margin-left: 10px !important;}\u00a0\u00bb]<\/p>\n<h4 style=\"text-align: center;\"><strong><span style=\"color: #048c8c;\">JOUR\u00a0<\/span><\/strong><strong><span style=\"color: #048c8c;\">2<\/span><\/strong><\/h4>\n<p style=\"text-align: center;\">Cette premi\u00e8re journ\u00e9e sera tr\u00e8s \u00e9questre !<\/p>\n<p style=\"text-align: center;\">Petit-d\u00e9jeuner \u00e0 l&rsquo;ancienne \u00e9cole.<br \/>\nPour ce premier jour d\u2019activit\u00e9s nous vous proposons de d\u00e9couvrir nos petits chevaux Islandais, avec toutes leurs sp\u00e9cificit\u00e9s. Ils seront vos compagnons pour les prochains jours. Vous apprenez \u00e0 les conna\u00eetre lors d\u2019une premi\u00e8re balade en for\u00eat, pendant laquelle vous \u00eates initi\u00e9s au t\u00f6lt, cette allure \u00e0 quatre temps si sp\u00e9ciale et si confortable.<br \/>\nNous rentrons \u00e0 la ferme pour d\u00e9jeuner, puis repartons d\u00e9couvrir de nouveaux chemins enneig\u00e9s avec nos compagnons.<\/p>\n<p style=\"text-align: center;\">D\u00eener et nuit \u00e0 l&rsquo;ancienne \u00e9cole.<\/p>\n<p>[\/vc_column_text][\/vc_column_inner][vc_column_inner width=\u00a0\u00bb1\/4&Prime;][vc_column_text]<\/p>\n<h4 style=\"text-align: center;\"><strong><span style=\"color: #048c8c;\">JOUR\u00a0<\/span><\/strong><strong><span style=\"color: #048c8c;\">3<\/span><\/strong><\/h4>\n<p style=\"text-align: center;\">Petit-d\u00e9jeuner \u00e0 l&rsquo;ancienne \u00e9cole.<br \/>\nCette journ\u00e9e est d\u00e9di\u00e9e \u00e0 la culture S\u00e2me \u2013 ou Sami. Dans une authentique ferme \u00e0 rennes, nous partageons un instant avec une famille S\u00e2me, qui nous donne l\u2019occasion d\u2019en apprendre un peu plus sur leur mode de vie et sur leurs animaux.<br \/>\nD\u00eener et nuit \u00e0 Svansele.<\/p>\n<p>[\/vc_column_text][\/vc_column_inner][\/vc_row_inner][vc_row_inner][vc_column_inner width=\u00a0\u00bb1\/2&Prime;][vc_column_text]<\/p>\n<h4 style=\"text-align: center;\"><strong><span style=\"color: #048c8c;\">JOUR\u00a0<\/span><\/strong><strong><span style=\"color: #048c8c;\">4<\/span><\/strong><\/h4>\n<p style=\"text-align: center;\">Nous prenons notre petit-d\u00e9jeuner \u00e0 la guest house, puis nous partons pour Rusktr\u00e4sk, o\u00f9 Lina et Morgan vous pr\u00e9senteront leurs chiens de tra\u00eeneau ador\u00e9s. Apr\u00e8s un point sur votre \u00e9quipement et des consignes avis\u00e9es n\u00e9cessaires \u00e0 la conduite de votre propre tra\u00eeneau, ils vous emm\u00e8neront glisser dans une nature sauvage enneig\u00e9e. Pistes foresti\u00e8res, lacs gel\u00e9s&#8230; vous d\u00e9couvrez des sensations uniques !<\/p>\n<p style=\"text-align: center;\">En milieu de journ\u00e9e vous vous arr\u00eatez pour une pause d\u00e9jeuner autour du feu. Une fois que les estomacs sont bien pleins, conducteurs et passagers \u00e9changent les r\u00f4les*, et c&rsquo;est reparti !<\/p>\n<p style=\"text-align: center;\">\u00c0 la fin de votre premi\u00e8re journ\u00e9e en tant que musher, de retour \u00e0 Svansele, nous nous retrouvons pour un chaleureux go\u00fbter.<\/p>\n<p style=\"text-align: center;\">D\u00eener et nuit \u00e0 Svansele.<\/p>\n<p style=\"text-align: center;\"><em>*Possibilit\u00e9 de conduire votre propre tra\u00eeneau toute la journ\u00e9e, avec suppl\u00e9ment<\/em><\/p>\n<p>[\/vc_column_text][\/vc_column_inner][vc_column_inner width=\u00a0\u00bb1\/2&Prime;][vc_column_text]<\/p>\n<h4 style=\"text-align: center;\"><strong><span style=\"color: #048c8c;\">JOUR\u00a0<\/span><\/strong><strong><span style=\"color: #048c8c;\">5<\/span><\/strong><\/h4>\n<p style=\"text-align: center;\"><strong>C&rsquo;est le r\u00e9veillon !<\/strong><\/p>\n<p style=\"text-align: center;\">Petit-d\u00e9jeuner \u00e0 l\u2018ancienne \u00e9cole.<\/p>\n<p>Nous commen\u00e7ons ce jour particulier par une jolie promenade \u00e0 cheval dans la neige, profitant de la lumi\u00e8re tardive des matins d&rsquo;hiver et du calme de la for\u00eat.<\/p>\n<p style=\"text-align: center;\">Dans l&rsquo;apr\u00e8s-midi, chacun pr\u00e9pare la nouvelle ann\u00e9e comme bon lui semble. Dehors \u00e0 jouer dans la neige, dedans \u00e0 jouer aux cartes ou \u00e0 lire, les possibilit\u00e9s sont multiples\u00a0!<\/p>\n<p style=\"text-align: center;\">Le soir, place \u00e0 la f\u00eate ! Tous ensemble, nous accueillons la nouvelle ann\u00e9e autour d\u2019un d\u00eener festif pr\u00e9par\u00e9 avec soin par notre cuisinier.<\/p>\n<p style=\"text-align: center;\">Nuit \u00e0 Svansele.<\/p>\n<p>[\/vc_column_text][\/vc_column_inner][\/vc_row_inner][vc_row_inner][vc_column_inner width=\u00a0\u00bb1\/3&Prime;][vc_column_text]<\/p>\n<h4 style=\"text-align: center;\"><strong><span style=\"color: #048c8c;\">JOUR\u00a06<\/span><\/strong><\/h4>\n<p style=\"text-align: center;\">Apr\u00e8s un copieux petit-d\u00e9jeuner, nous nous rendons \u00e0 la ferme et retrouvons nos amis \u00e0 quatre jambes. Cette fois, nous partons toute la journ\u00e9e !<br \/>\nNous prenons notre d\u00e9jeuner dans nos sacoches et faisons une pause dans la for\u00eat en milieu de journ\u00e9e.<\/p>\n<p style=\"text-align: center;\">De retour \u00e0 la ferme nous nous occupons de nos chevaux avant d&rsquo;aller nous r\u00e9chauffer avec une boisson chaude et quelques douceurs.<\/p>\n<p style=\"text-align: center;\">D\u00eener et nuit \u00e0 Svansele.<\/p>\n<p>[\/vc_column_text][\/vc_column_inner][vc_column_inner width=\u00a0\u00bb1\/3&Prime;][vc_column_text]<\/p>\n<h4 style=\"text-align: center;\"><strong><span style=\"color: #048c8c;\">JOUR 7<\/span><\/strong><\/h4>\n<p style=\"text-align: center;\">C&rsquo;est l&rsquo;heure du d\u00e9part !<\/p>\n<p style=\"text-align: center;\">Apr\u00e8s le petit-d\u00e9jeuner, nous vous raccompagnons vers l\u2019a\u00e9roport de Skellefte\u00e5 ou la gare de J\u00f6rn de fa\u00e7on \u00e0 ce que vous puissiez prendre votre transport vers Stockholm avec, nous l\u2019esp\u00e9rons, plein de souvenirs inoubliables.<\/p>\n<p>[\/vc_column_text][\/vc_column_inner][vc_column_inner width=\u00a0\u00bb1\/3&Prime;][vc_empty_space height=\u00a0\u00bb64px\u00a0\u00bb][vc_column_text]<\/p>\n<p style=\"text-align: center;\"><strong>Groupe : <\/strong>De 2 \u00e0 4 personnes<\/p>\n<p style=\"text-align: center;\"><strong>Niveau : <\/strong>Bonne condition physique<\/p>\n<p style=\"text-align: center;\"><strong>\u00c2ge : <\/strong>\u00c0 partir de 10 ans<\/p>\n<p style=\"text-align: center;\"><a href=\"https:\/\/www.horsesoftaiga.com\/fr\/informations-pratiques\/dates-et-disponibilites\/\"><b>Dates et disponibilit\u00e9s<\/b><\/a><\/p>\n<p>[\/vc_column_text][vc_column_text][\/vc_column_text][\/vc_column_inner][\/vc_row_inner][vc_column_text]<\/p>\n<p style=\"text-align: center;\"><em>Nous pouvons adapter ce programme \u00e0 vos souhaits, ainsi qu\u2019\u00e0 l\u2019\u00e2ge et au niveau des participants. Il est \u00e9galement possible de modifier les dates et la dur\u00e9e du s\u00e9jour selon vos propres disponibilit\u00e9s.<\/em><\/p>\n<p>[\/vc_column_text][\/vc_column][\/vc_row]<\/p>\n","protected":false},"excerpt":{"rendered":"<p>[vc_row][vc_column][vc_row_inner][vc_column_inner width=\u00a0\u00bb1\/2&Prime;][vc_column_text el_class=\u00a0\u00bbsection-header\u00a0\u00bb] Nouvel an givr\u00e9 7 jours &amp; 6 nuits [\/vc_column_text][vc_column_text]Et si vous passiez le r\u00e9veillon du premier de l\u2019an au c\u0153ur de la Laponie su\u00e9doise, en compagnie de doux chevaux islandais ? Pour ce r\u00e9veillon unique nous vous &hellip; <a href=\"https:\/\/www.horsesoftaiga.com\/fr\/randonnees-hiver\/nouvel-an-givre\/\">Read More<\/a><\/p>\n","protected":false},"author":2,"featured_media":0,"parent":168,"menu_order":0,"comment_status":"closed","ping_status":"closed","template":"","meta":{"om_disable_all_campaigns":false,"_mi_skip_tracking":false,"_monsterinsights_sitenote_active":false,"_monsterinsights_sitenote_note":"","_monsterinsights_sitenote_category":0,"_uf_show_specific_survey":0,"_uf_disable_surveys":false,"footnotes":""},"aioseo_notices":[],"_links":{"self":[{"href":"https:\/\/www.horsesoftaiga.com\/fr\/wp-json\/wp\/v2\/pages\/169"}],"collection":[{"href":"https:\/\/www.horsesoftaiga.com\/fr\/wp-json\/wp\/v2\/pages"}],"about":[{"href":"https:\/\/www.horsesoftaiga.com\/fr\/wp-json\/wp\/v2\/types\/page"}],"author":[{"embeddable":true,"href":"https:\/\/www.horsesoftaiga.com\/fr\/wp-json\/wp\/v2\/users\/2"}],"replies":[{"embeddable":true,"href":"https:\/\/www.horsesoftaiga.com\/fr\/wp-json\/wp\/v2\/comments?post=169"}],"version-history":[{"count":26,"href":"https:\/\/www.horsesoftaiga.com\/fr\/wp-json\/wp\/v2\/pages\/169\/revisions"}],"predecessor-version":[{"id":4601,"href":"https:\/\/www.horsesoftaiga.com\/fr\/wp-json\/wp\/v2\/pages\/169\/revisions\/4601"}],"up":[{"embeddable":true,"href":"https:\/\/www.horsesoftaiga.com\/fr\/wp-json\/wp\/v2\/pages\/168"}],"wp:attachment":[{"href":"https:\/\/www.horsesoftaiga.com\/fr\/wp-json\/wp\/v2\/media?parent=169"}],"curies":[{"name":"wp","href":"https:\/\/api.w.org\/{rel}","templated":true}]}}